{"id":1710,"date":"2022-12-05T18:34:40","date_gmt":"2022-12-05T17:34:40","guid":{"rendered":"https:\/\/transylvanian-wood-pastures.eu\/publications-2\/"},"modified":"2023-01-29T19:49:06","modified_gmt":"2023-01-29T18:49:06","slug":"publications-2","status":"publish","type":"page","link":"https:\/\/transylvanian-wood-pastures.eu\/ro\/publications-2\/","title":{"rendered":"Publica\u021bii"},"content":{"rendered":"<div class=\"wpb-content-wrapper\"><p>[vc_row][vc_column width=&#8221;1\/2&#8243;][vc_column_text]\u00cen aceast\u0103 sec\u021biune sunt prezentate principalele publica\u021bii referitoare la p\u0103\u0219unile cu arbori din Transilvania. Publica\u021biile echipei noastre sunt prezentate mai \u00eent\u00e2i, apoi oferim \u0219i o selec\u021bie a principalelor publica\u021bii interna\u021bionale care vizeaz\u0103 p\u0103\u0219unile cu arbori din Transilvania, realizate de echipa noastr\u0103 (prima sec\u021biune) \u0219i de al\u021bi cercet\u0103tori (a doua sec\u021biune).<\/p>\n<p>&nbsp;<\/p>\n<ol>\n<li>Selec\u021bie de lucr\u0103ri ale membrilor echipei de proiect<\/li>\n<\/ol>\n<p>P\u0103\u0219unile cu arbori din Transilvania au evoluat ca sisteme social-ecologice str\u00e2ns cuplate. Prin urmare, \u00een\u021belegerea lor necesit\u0103 abord\u0103ri at\u00e2t disciplinare (de exemplu, ecologie, \u0219tiin\u021be sociale), c\u00e2t \u0219i holistice. Figura 1 prezint\u0103 un cadru social-ecologic \u00een cadrul c\u0103ruia sunt prezentate rezultatele. Pentru a facilita \u00een\u021belegerea, oferim mesaje-cheie pentru fiecare dintre lucr\u0103rile prezentate.[\/vc_column_text][\/vc_column][vc_column width=&#8221;1\/2&#8243;][vc_column_text]<a href=\"https:\/\/transylvanian-wood-pastures.eu\/wp-content\/uploads\/2022\/12\/Figure-website-publications.png\"><img fetchpriority=\"high\" decoding=\"async\" class=\"wp-image-1569\" src=\"https:\/\/transylvanian-wood-pastures.eu\/wp-content\/uploads\/2022\/12\/Figure-website-publications-300x229.png\" alt=\"Figure 1. Conceptual framework for organizing the team members wood-pasture research result. For easier navigation, in the text we highlighted the sections (title, key results) with the colors from this figure.\" width=\"500\" height=\"382\" srcset=\"https:\/\/transylvanian-wood-pastures.eu\/wp-content\/uploads\/2022\/12\/Figure-website-publications-300x229.png 300w, https:\/\/transylvanian-wood-pastures.eu\/wp-content\/uploads\/2022\/12\/Figure-website-publications-1024x783.png 1024w, https:\/\/transylvanian-wood-pastures.eu\/wp-content\/uploads\/2022\/12\/Figure-website-publications-768x587.png 768w, https:\/\/transylvanian-wood-pastures.eu\/wp-content\/uploads\/2022\/12\/Figure-website-publications.png 1300w\" sizes=\"(max-width: 500px) 100vw, 500px\" \/><\/a><\/p>\n<p><em>Figura 1. Cadru conceptual pentru organizarea membrilor echipei de cercetare \u00een domeniul p\u0103\u0219unilor cu arbori. Pentru o navigare mai u\u0219oar\u0103, \u00een text am eviden\u021biat sec\u021biunile (titlu, rezultate cheie) cu culorile din aceast\u0103 figur\u0103.<\/em><\/p>\n<p><em>\u00a0<\/em>[\/vc_column_text][\/vc_column][\/vc_row][vc_row][vc_column][\/vc_column][vc_column][vc_tta_accordion active_section=&#8221;0&#8243;][vc_tta_section title=&#8221;Lucr\u0103ri cheie care abordeaz\u0103 dimensiunile ecologice ale pa\u0219unilor cu arbori&#8221; tab_id=&#8221;1670249713115-f735c57a-6f00&#8243;][vc_column_text]Hartel, T.,\u00a0Dorresteijn, I., Klein, C.,\u00a0M\u00e1th\u00e9, O., Moga, C.I., \u00d6llerer, K., Roellig, M., von Wehrden, H., Fischer, J. (2013)\u00a0<a href=\"http:\/\/www.sciencedirect.com\/science\/article\/pii\/S0006320713002024\" target=\"_blank\" rel=\"noopener\">Wood-pastures from a traditional rural region of Eastern Europe: characteristics, biodiversity and threats<\/a>.\u00a0<em>Biological Conservation, <\/em>166: 267-275.<\/p>\n<p><strong>Principalele constat\u0103ri:<\/strong><\/p>\n<ol>\n<li><em>P\u0103\u0219unile cu arbori sporesc diversitatea arborilor la scara peisajului.\u00a0<\/em><\/li>\n<li><em>P\u0103\u0219unile cu arbori sunt rezervoare mari de arbori b\u0103tr\u00e2ni \u00een sistemele agricole tradi\u021bionale.\u00a0<\/em><\/li>\n<li><em>P\u0103\u0219unile cu arbori sporesc \u00een mod real diversitatea speciilor de arbori \u0219i a tr\u0103s\u0103turilor func\u021bionale la scara peisajului. Pentru o conservare eficient\u0103 a arborilor, ar trebui s\u0103 se ia \u00een considerare simultan p\u0103durile \u0219i p\u0103\u0219unile cu arbori.<\/em><\/li>\n<\/ol>\n<p>Hartel, T., Hanspach, J., Abson, D., Mathe, O., Moga, C.I., Fischer, J. (2014) <a href=\"https:\/\/www.sciencedirect.com\/science\/article\/abs\/pii\/S1439179114000681\" target=\"_blank\" rel=\"noopener\">Bird communities in traditional wood-pastures with changing management in Eastern Europe.<\/a> <em>Basic and Applied Ecology<\/em> 15: 385-395.<\/p>\n<p><strong>Principalele constat\u0103ri:<\/strong><\/p>\n<ol>\n<li><em>P\u0103\u0219unile cu arbori au comunit\u0103\u021bi de p\u0103s\u0103ri distincte \u00een compara\u021bie cu p\u0103durile \u0219i p\u0103\u0219unile f\u0103r\u0103 arbori.<\/em><\/li>\n<li><em>Toate cele trei elemente ale peisajului au specii de p\u0103s\u0103ri de interes pentru conservare.<\/em><\/li>\n<li><em>P\u0103durile \u00eenalte, p\u0103\u0219unile cu arbori \u0219i p\u0103\u0219unile f\u0103r\u0103 arbori ar trebui luate \u00een considerare \u00een ansamblu pentru a maximiza speciile de p\u0103s\u0103ri \u0219i fondul de diversitate func\u021bional\u0103 la scar\u0103 peisagistic\u0103.<\/em><\/li>\n<\/ol>\n<p>Hartel, T., Hanspach, J., Moga, C.I., Holban, L., Szapanyos, A., Tamas, R., Horvath, Cs., Reti, K.O. (2018) <a href=\"https:\/\/www.sciencedirect.com\/science\/article\/abs\/pii\/S0048969717323902\" target=\"_blank\" rel=\"noopener\">Abundance of large old trees in wood-pastures of Transylvania (Romania).<\/a> <em>Science of the Total Environment<\/em> 613: 263-270.<\/p>\n<p><strong>Principalele constat\u0103ri:<\/strong><\/p>\n<ol>\n<li><em>Abunden\u021ba arborilor mari \u0219i b\u0103tr\u00e2ni apar\u021bin\u00e2nd unor specii diferite este sensibil\u0103 la diferi\u021bi factori sociali \u0219i ecologici.<\/em><\/li>\n<li><em>Caracteristicile sociale, culturale \u0219i de mediu ar trebui s\u0103 fie adoptate simultan pentru a \u00een\u021belege abunden\u021ba \u0219i compozi\u021bia speciilor de arbori mari \u0219i b\u0103tr\u00e2ni din p\u0103\u0219unile cu arbori.<\/em><\/li>\n<\/ol>\n<p>T\u00f6lgyesi, Cs., B\u00e1tori, Z., Gall\u00e9, R., Ur\u00e1k, I., Hartel, T. (2018) <a href=\"https:\/\/www.sciencedirect.com\/science\/article\/abs\/pii\/S1550742417300970\" target=\"_blank\" rel=\"noopener\">Shrub encroachment under trees diversifies the herb layer in Romanian silvopastoral system.<\/a> <em>Rangeland Ecology and Management<\/em> 71: 571-577.<\/p>\n<p>Gall\u00e9 R, Ur\u00e1k I, Nikolett G-S, Hartel T. (2017) Sparse trees and shrubs confers a high biodiversity to pastures: Case study on spiders from Transylvania. PLoS ONE 12(9): e0183465. <a href=\"https:\/\/doi.org\/10.1371\/journal.pone.0183465\" target=\"_blank\" rel=\"noopener\">https:\/\/doi.org\/10.1371\/journal.pone.0183465<\/a><\/p>\n<p><em>Cele dou\u0103 studii de mai sus au fost implementate \u00een acela\u0219i sistem. Mesajele cheie sunt reunite aici.<\/em><\/p>\n<p><strong>Principalele constat\u0103ri:<\/strong><\/p>\n<ol>\n<li><em>Arborii \u00eempr\u0103\u0219tia\u021bi, arbu\u0219tii, p\u0103\u0219unile f\u0103r\u0103 arbori \u0219i liziera p\u0103durii au comunit\u0103\u021bi de plante \u0219i p\u0103ianjeni distincte \u00een cadrul aceluia\u0219i sistem p\u0103\u0219une-p\u0103\u0219une.<\/em><\/li>\n<li><em>Au fost identificate specii noi de p\u0103ianjeni pentru Rom\u00e2nia \u0219i peste 15 specii de p\u0103ianjeni care sunt considerate rare pe diferite liste ro\u0219ii.<\/em><\/li>\n<li><em>Arborii \u0219i arbu\u0219tii \u00eempr\u0103\u0219tia\u021bi pe p\u0103\u0219une sporesc diversitatea func\u021bional\u0103 at\u00e2t a plantelor, c\u00e2t \u0219i a p\u0103ianjenilor de pe p\u0103\u0219une, fiind astfel esen\u021biale pentru reconcilierea biodiversit\u0103\u021bii cu produc\u021bia.\u00a0<\/em><\/li>\n<\/ol>\n<p>[\/vc_column_text][\/vc_tta_section][vc_tta_section title=&#8221;Lucr\u0103ri cheie care abordeaz\u0103 dimensiunile socio-culturale ale p\u0103\u0219unilor cu arbori&#8221; tab_id=&#8221;1670249713157-eb76abcc-f0b2&#8243;][vc_column_text]Hartel, T., Nita, A., Rozylowicz, L. (2020) <a href=\"https:\/\/link.springer.com\/article\/10.1007\/s11625-020-00811-z\" target=\"_blank\" rel=\"noopener\">Understanding human-nature connections through value networks: the case of ancient wood-p15+astures from Central Romania.<\/a> <em>Sustainability Science,<\/em> 15 1357\u20131367.<\/p>\n<p>Hartel, T., KO Reti, Craioveanu, C. (2017) <a href=\"https:\/\/www.sciencedirect.com\/science\/article\/abs\/pii\/S0167880916305771\" target=\"_blank\" rel=\"noopener\">Valuing scattered trees from wood-pastures by farmers in a traditional rural region of Eastern Europe<\/a>. <em>Agriculture, Ecosystems and Environment<\/em>, 236: 304-311.<\/p>\n<p>Cele dou\u0103 studii de mai sus au fost implementate \u00een acela\u0219i sistem. Mesajele cheie sunt reunite aici.<\/p>\n<p><strong>Constat\u0103ri cheie:<\/strong><\/p>\n<ol>\n<li style=\"list-style-type: none;\">\n<ol>\n<li><em>Fermierii manifest\u0103 o preferin\u021b\u0103 clar\u0103 pentru p\u0103\u0219unile cu arbori \u00een compara\u021bie cu p\u0103\u0219unile f\u0103r\u0103 arbori.<\/em><\/li>\n<li><em>Arborii maturi de pe p\u0103\u0219unile cu arbori au \u00een principal valori tangibile, \u00een timp ce copacii mari \u0219i b\u0103tr\u00e2ni au valori intangibile.<\/em><\/li>\n<li><em>Arborii pr\u0103bu\u0219i\u021bi ar trebui \u00eendep\u0103rta\u021bi\/elimina\u021bi de pe p\u0103\u0219uni.<\/em><\/li>\n<li><em>Rela\u021biile dintre om \u0219i arbori pe p\u0103\u0219uni pot fi \u00een\u021belese prin prisma conceptual\u0103 \u0219i metodologic\u0103 a \u0219tiin\u021bei re\u021belelor.<\/em><\/li>\n<\/ol>\n<\/li>\n<\/ol>\n<p>Bal\u00e1zsi, \u00c1., D\u00e4nhardt, J., Collins, S., Schweiger, O., Settele, J., Hartel, T. (2021) <a href=\"https:\/\/ideas.repec.org\/a\/eee\/lauspo\/v100y2021ics0264837719308713.html\" target=\"_blank\" rel=\"noopener\">Understanding cultural ecosystem services related to farmlands: Expert survey in Europe.<\/a> <em>Land Use Policy<\/em> 100, 104900<\/p>\n<p><strong>Principalele constat\u0103ri:<\/strong><\/p>\n<ol>\n<li><em>Serviciile ecosistemice culturale (CES) sunt apreciate de exper\u021bi, dar, \u00een acela\u0219i timp, greu de cuantificat.<\/em><\/li>\n<li><em>\u00cen special valorile estetice, de patrimoniu cultural, educa\u021bionale \u0219i recreative au fost considerate cele mai relevante subcategorii de CES.\u00a0<\/em><\/li>\n<li><em>Abord\u0103rile interdisciplinare, planificarea peisagistic\u0103 \u0219i abord\u0103rile integratoare \u0219tiin\u021b\u0103-politic\u0103 au fost percepute ca fiind cele mai promi\u021b\u0103toare metodologii pentru \u00eembun\u0103t\u0103\u021birea abord\u0103rii CES pentru politic\u0103 \u0219i gestionare.<\/em><\/li>\n<\/ol>\n<p>[\/vc_column_text][\/vc_tta_section][vc_tta_section title=&#8221;Lucr\u0103ri cheie, c\u0103r\u021bi \u0219i capitole care abordeaz\u0103 p\u0103\u0219unile cu arbori ca sistem social-ecologic&#8221; tab_id=&#8221;1670250085065-f1040f3c-baed&#8221;][vc_column_text]Hartel, T., Fischer, J., Girma, S.D., Apollinaire, W. (2023) <a href=\"https:\/\/www.sciencedirect.com\/science\/article\/abs\/pii\/S0169534722003287\" target=\"_blank\" rel=\"noopener\">The Traditional Ecological Knowledge conundrum<\/a>. Trends in Ecology and Evolution, <em>in press<\/em>.<\/p>\n<p><strong>Articol rezultat din proiectul prezent DBU.<\/strong><\/p>\n<p><strong><em>Principalele constat\u0103ri:<\/em><\/strong><\/p>\n<ol>\n<li><em> Cuno\u0219tin\u021bele ecologice tradi\u021bionale (TEK) c\u00e2\u0219tig\u0103 proeminen\u021b\u0103 \u00een r\u00e2ndul ecologistilor, deoarece pot ajuta la informarea managementului ecosistemului.\u00a0<\/em><\/li>\n<li><em> Uneori, TEK este men\u021binut\u0103 nu din cauza valorilor pozitive despre mediu, ci din cauza s\u0103r\u0103ciei \u0219i a lipsei de op\u021biuni. Lucrarea discut\u0103 aceast\u0103 enigma \u0219i prezint\u0103 ipoteze pentru cercet\u0103ri viitoare.<\/em><\/li>\n<\/ol>\n<p>Hartel, T., Torralba, M., Balazsi, A., Fagerholm, N., Plieninger, T. (2018) <a href=\"https:\/\/www.sciencedirect.com\/science\/article\/abs\/pii\/S1550742418300654\" target=\"_blank\" rel=\"noopener\">Forum: Social-Ecological Archetypes for European Rangelands.<\/a> <em>Rangeland Ecology and Management<\/em> 71: 536-544.<\/p>\n<p><strong>Principalele constat\u0103ri:<\/strong><\/p>\n<ol>\n<li><em>Sistemele pastorale pot exista \u00een mai multe arhetipuri social-ecologice. Nu toate favorizeaz\u0103 sistemele pastorale de tip p\u0103\u0219une-p\u0103\u0219une.\u00a0<\/em><\/li>\n<li><em>Fiecare dintre aceste arhetipuri poate fi, de asemenea, \u00een\u021beles ca st\u0103ri de echilibru social-ecologic cu provoc\u0103ri specifice de sustenabilitate.<\/em><\/li>\n<li><em>Cele mai multe dintre sistemele actuale de p\u0103\u0219unat pe p\u0103sunile cu arbori se afl\u0103 \u00een arhetipul &#8222;Aspira\u021bie inadaptat\u0103&#8221;, \u00een care sistemele cu valoare natural\u0103 ridicat\u0103 nu sunt sus\u021binute de aspira\u021biile socio-economice ale comunit\u0103\u021bilor locale.<\/em><\/li>\n<\/ol>\n<p>Hartel, T., Olga R\u00e9ti, K., Craioveanu, C, Gall\u00e9, R., Popa, R., Ioni\u0163\u0103, A., Demeter, L., R\u00e1kosy, L., Cz\u00facz, B., (2016) Rural social\u2013ecological systems navigating institutional transitions: case study from Transylvania (Romania). <em>Ecosystem Health and Sustainability<\/em>, 2:2, DOI: <a href=\"https:\/\/doi.org\/10.1002\/ehs2.1206\" target=\"_blank\" rel=\"noopener\">10.1002\/ehs2.1206<\/a><\/p>\n<p><strong>Principalele constat\u0103ri:<\/strong><\/p>\n<ol>\n<li><em>Dinamica SES a p\u0103\u0219unilor cu arbori este expus\u0103 la dinamica institu\u021biilor superioare (na\u021bionale \u0219i suprana\u021bionale). Cadrul panarhic poate fi util pentru a \u00een\u021belege leg\u0103turile dintre SES local \u0219i dinamica institu\u021bional\u0103 la nivel superior.\u00a0<\/em><\/li>\n<li><em>Exist\u0103 o dinamic\u0103 SES pentru conservarea \u0219i durabilitatea p\u0103\u0219unilor cu arbori din Transilvania.\u00a0<\/em><\/li>\n<li><em>Gestionarea istoric\u0103 \u0219i actual\u0103 poate servi drept surs\u0103 de inspira\u021bie pentru durabilitatea paji\u0219tilor cu arbori.<\/em><\/li>\n<\/ol>\n<p>Hartel, T.,\u00a0Plieninger, T (editors) (2014)\u00a0<a href=\"http:\/\/www.taylorandfrancis.com\/books\/details\/9780415869898\/\" target=\"_blank\" rel=\"noopener\">European wood-pastures in transition: a social-ecological approach<\/a>. (2014)<em>.<\/em> Earthscan-Routledge. ISBN 9780815395317. 322 pages<\/p>\n<p><em>Aceasta este o carte editat\u0103 despre p\u0103\u0219unile cu arbori europene.<\/em><\/p>\n<p>Hartel, T., Plieninger, T., Varga, A. (2015) Wood-pastures of Europe. Pp 61-76 in Kirby, K., Watkins, Ch. \u201eEurope`s changing woods and forests: from wildwood to managed landscapes\u201d CABI press. ISBN : 978-1-78064-337. 363 pages.<\/p>\n<p><em>Acesta este un capitol\u00a0 \u00eentr-o carte editat\u0103.<\/em>[\/vc_column_text][\/vc_tta_section][vc_tta_section title=&#8221;Publica\u021bie relevant\u0103 din punct de vedere politic&#8221; tab_id=&#8221;1670250623126-089dfab4-d2e6&#8243;][vc_column_text]Plieninger, T., Hartel, T., Mart\u00edn-L\u00f3pez, B., Beaufoy, G., Bergmeier, E., Kirby, K., Mon-tero, M.J., Moreno, G., Oteros-Rozas, E., Van Uytvanck, J., (2015) <a href=\"https:\/\/www.sciencedirect.com\/science\/article\/pii\/S0006320715002098\" target=\"_blank\" rel=\"noopener\">Wood-pastures of Europe: geographic coverage, social\u2013ecological values, conservation management, and policy implications<\/a>. Biological Conservation 190, 70\u201379.<\/p>\n<p>Hartel, T. (2015) Wood-pastures of Romania. Seminar talk at the European Parliament, link here: <a href=\"https:\/\/www.youtube.com\/watch?v=CzSbo-D1DS8\" target=\"_blank\" rel=\"noopener\">https:\/\/www.youtube.com\/watch?v=CzSbo-D1DS8<\/a> (TH talk is from minute 29:40).[\/vc_column_text][\/vc_tta_section][\/vc_tta_accordion][\/vc_column][\/vc_row][vc_row][vc_column][vc_column_text]<strong>\u00a0\u00a0\u00a0\u00a0\u00a0 2. Alte publica\u021bii \u0219tiin\u021bifice relevante privind p\u0103\u0219unile cu arbori din Transilvania<br \/>\n<\/strong>[\/vc_column_text][\/vc_column][\/vc_row][vc_row][vc_column][vc_tta_accordion][vc_tta_section title=&#8221;Publica\u021bii cheie&#8221; tab_id=&#8221;1670255330823-b3bfd8ff-b701&#8243;][vc_column_text]Bobiec, A., Reif, A., \u00d6lleler, K. (2018): <a href=\"https:\/\/link.springer.com\/article\/10.1007\/s10980-018-0619-y\" target=\"_blank\" rel=\"noopener\">Seeing the oakscape beyond the forest: a landscape approach to the oak regeneration in Europe.<\/a> Landscape Ecology 33: 513-528<\/p>\n<p><strong>Principalele constat\u0103ri: <\/strong><em>Studiul de analiz\u0103 arat\u0103 c\u0103 studiile privind regenerarea stejarului sunt orientate \u00een mod preponderent c\u0103tre p\u0103duri, \u00een timp ce exist\u0103 un poten\u021bial substan\u021bial de regenerare natural\u0103 a stejarului \u0219i \u00een p\u0103\u0219unile cu arbori. Sistemele de p\u0103\u0219uni cu arbori sunt puncte fierbin\u021bi de regenerare a stejarului \u0219i ar trebui recunoscute ca atare.<\/em><\/p>\n<p>Bobiec, A., Podlaski, R., Ortyl, B., Korol, M., Havryliuk, S., \u00d6llerer, K., Ziobro, J. M., Pilch, K., Dychkevych, V., Tomasz, D., M\u00e1zsa, K., Varga, A., &amp; Angelstam, P. (2019). Top-down segregated policies undermine the maintenance of traditional wooded landscapes: Evidence from oaks at the European Union\u2019s eastern border. Landscape and Urban Planning, 189, 247\u2013259. <a href=\"https:\/\/doi.org\/10.1016\/j.landu%20rbplan.2019.04.026\" target=\"_blank\" rel=\"noopener\">https:\/\/doi.org\/10.1016\/j.landu rbplan.2019.04.026<\/a><\/p>\n<p><strong>Principalele constat\u0103ri:<\/strong><em> Aceast\u0103 lucrare documenteaz\u0103 dou\u0103 modele distincte de cerin\u021be de arbori \u00een p\u0103\u0219uni. Politicile ar trebui s\u0103 \u00eencurajeze TEK \u0219i administrarea local\u0103 pentru a asigura persisten\u021ba p\u0103\u0219unilor cu arbori.<\/em><\/p>\n<p>Dorresteijn I, Hartel T, Hanspach J, von Wehrden H, Fischer J (2013) The Conservation Value of Traditional Rural Landscapes: The Case of Woodpeckers in Transylvania, Romania. PLoS ONE 8(6): e65236. <a href=\"https:\/\/doi.org\/10.1371\/journal.pone.0065236\" target=\"_blank\" rel=\"noopener\">https:\/\/doi.org\/10.1371\/journal.pone.0065236<\/a><\/p>\n<p><strong>Principalele constat\u0103ri: <\/strong><em>P\u0103\u0219unile cu arbori au comunit\u0103\u021bi de cioc\u0103nitori distincte fa\u021b\u0103 de p\u0103durile \u00eenalte.<\/em><\/p>\n<p>Tausan, I, Muraru, M., \u00d6llerer, K. (2021): <a href=\"https:\/\/link.springer.com\/article\/10.2478\/s11756-020-00624-6\" target=\"_blank\" rel=\"noopener\">Monitoring ant assemblages of oak wood-pastures. A case study from Eastern Europe<\/a>. Biologia, 76: 1153-1160.<\/p>\n<p><strong>Principalele constat\u0103ri:<\/strong> <em>17 specii de furnici au fost identificate \u00een p\u0103\u0219unea cu arbori studiat\u0103. Stejarii \u00eempr\u0103\u0219tia\u021bi, stejarii grupa\u021bi \u0219i marginile de p\u0103dure au avut ansambluri distincte de specii de furnici. Arborii \u00eempr\u0103\u0219tia\u021bi \u0219i stejarii grupa\u021bi au avut diversit\u0103\u021bi similare de specii de furnici. Sunt eviden\u021biate furnicile specializate \u00een p\u0103\u0219unile cu arbori, cum ar fi Lasius brunneus.<\/em>[\/vc_column_text][\/vc_tta_section][\/vc_tta_accordion][\/vc_column][\/vc_row][vc_row][vc_column][\/vc_column][\/vc_row]<\/p>\n<\/div>","protected":false},"excerpt":{"rendered":"<p>[vc_row][vc_column width=&#8221;1\/2&#8243;][vc_column_text]\u00cen aceast\u0103 sec\u021biune sunt prezentate principalele publica\u021bii referitoare la p\u0103\u0219unile cu arbori din Transilvania. Publica\u021biile echipei noastre sunt prezentate mai \u00eent\u00e2i, apoi oferim \u0219i [&hellip;]<\/p>\n","protected":false},"author":3,"featured_media":0,"parent":0,"menu_order":0,"comment_status":"closed","ping_status":"closed","template":"","meta":{"site-sidebar-layout":"default","site-content-layout":"default","ast-site-content-layout":"default","site-content-style":"default","site-sidebar-style":"default","ast-global-header-display":"","ast-banner-title-visibility":"","ast-main-header-display":"","ast-hfb-above-header-display":"","ast-hfb-below-header-display":"","ast-hfb-mobile-header-display":"","site-post-title":"","ast-breadcrumbs-content":"","ast-featured-img":"","footer-sml-layout":"","ast-disable-related-posts":"","theme-transparent-header-meta":"default","adv-header-id-meta":"","stick-header-meta":"default","header-above-stick-meta":"","header-main-stick-meta":"","header-below-stick-meta":"","astra-migrate-meta-layouts":"default","ast-page-background-enabled":"default","ast-page-background-meta":{"desktop":{"background-color":"var(--ast-global-color-4)","background-image":"","background-repeat":"repeat","background-position":"center center","background-size":"auto","background-attachment":"scroll","background-type":"","background-media":"","overlay-type":"","overlay-color":"","overlay-opacity":"","overlay-gradient":""},"tablet":{"background-color":"","background-image":"","background-repeat":"repeat","background-position":"center center","background-size":"auto","background-attachment":"scroll","background-type":"","background-media":"","overlay-type":"","overlay-color":"","overlay-opacity":"","overlay-gradient":""},"mobile":{"background-color":"","background-image":"","background-repeat":"repeat","background-position":"center center","background-size":"auto","background-attachment":"scroll","background-type":"","background-media":"","overlay-type":"","overlay-color":"","overlay-opacity":"","overlay-gradient":""}},"ast-content-background-meta":{"desktop":{"background-color":"var(--ast-global-color-5)","background-image":"","background-repeat":"repeat","background-position":"center center","background-size":"auto","background-attachment":"scroll","background-type":"","background-media":"","overlay-type":"","overlay-color":"","overlay-opacity":"","overlay-gradient":""},"tablet":{"background-color":"var(--ast-global-color-5)","background-image":"","background-repeat":"repeat","background-position":"center center","background-size":"auto","background-attachment":"scroll","background-type":"","background-media":"","overlay-type":"","overlay-color":"","overlay-opacity":"","overlay-gradient":""},"mobile":{"background-color":"var(--ast-global-color-5)","background-image":"","background-repeat":"repeat","background-position":"center center","background-size":"auto","background-attachment":"scroll","background-type":"","background-media":"","overlay-type":"","overlay-color":"","overlay-opacity":"","overlay-gradient":""}},"footnotes":""},"class_list":["post-1710","page","type-page","status-publish","hentry"],"_links":{"self":[{"href":"https:\/\/transylvanian-wood-pastures.eu\/ro\/wp-json\/wp\/v2\/pages\/1710","targetHints":{"allow":["GET"]}}],"collection":[{"href":"https:\/\/transylvanian-wood-pastures.eu\/ro\/wp-json\/wp\/v2\/pages"}],"about":[{"href":"https:\/\/transylvanian-wood-pastures.eu\/ro\/wp-json\/wp\/v2\/types\/page"}],"author":[{"embeddable":true,"href":"https:\/\/transylvanian-wood-pastures.eu\/ro\/wp-json\/wp\/v2\/users\/3"}],"replies":[{"embeddable":true,"href":"https:\/\/transylvanian-wood-pastures.eu\/ro\/wp-json\/wp\/v2\/comments?post=1710"}],"version-history":[{"count":8,"href":"https:\/\/transylvanian-wood-pastures.eu\/ro\/wp-json\/wp\/v2\/pages\/1710\/revisions"}],"predecessor-version":[{"id":1734,"href":"https:\/\/transylvanian-wood-pastures.eu\/ro\/wp-json\/wp\/v2\/pages\/1710\/revisions\/1734"}],"wp:attachment":[{"href":"https:\/\/transylvanian-wood-pastures.eu\/ro\/wp-json\/wp\/v2\/media?parent=1710"}],"curies":[{"name":"wp","href":"https:\/\/api.w.org\/{rel}","templated":true}]}}